{"id":274,"date":"2023-06-18T07:47:41","date_gmt":"2023-06-18T05:47:41","guid":{"rendered":"https:\/\/lenidioma.es\/accueil\/"},"modified":"2025-06-10T02:58:05","modified_gmt":"2025-06-10T00:58:05","slug":"accueil","status":"publish","type":"page","link":"https:\/\/lenidioma.es\/fr\/","title":{"rendered":"Accueil"},"content":{"rendered":"<section class=\"l-section wpb_row us_custom_745f9b3e height_auto\"><div class=\"l-section-overlay\" style=\"background:rgba(26,26,26,0.20)\"><\/div><div class=\"l-section-h i-cf\"><div class=\"g-cols vc_row via_flex valign_middle type_default stacking_default\"><div class=\"vc_col-sm-12 vc_col-lg-6 vc_col-md-6 wpb_column vc_column_container hide_on_tablets hide_on_mobiles\"><div class=\"vc_column-inner\"><div class=\"wpb_wrapper\"><\/div><\/div><\/div><div class=\"vc_col-sm-12 vc_col-lg-6 vc_col-md-6 wpb_column vc_column_container\"><div class=\"vc_column-inner us_custom_c8198c5f\"><div class=\"wpb_wrapper\"><p class=\"w-text us_custom_8bde1250 has_text_color\"><span class=\"w-text-h\"><span class=\"w-text-value\">La langue est notre nature<\/span><\/span><\/p><\/div><\/div><\/div><\/div><\/div><\/section><section class=\"l-section wpb_row height_medium\"><div class=\"l-section-h i-cf\"><div class=\"g-cols vc_row via_flex valign_middle type_default reversed stacking_default\"><div class=\"vc_col-sm-6 wpb_column vc_column_container\"><div class=\"vc_column-inner\"><div class=\"wpb_wrapper\"><h1 class=\"w-text us_custom_adb7191c\"><span class=\"w-text-h\"><span class=\"w-text-value\">Bienvenue sur le site de Lenidioma<br \/>\nIci les langues connectent les individus<\/span><\/span><\/h1><div class=\"wpb_text_column\"><div class=\"wpb_wrapper\"><p>Je m\u2019appelle Leni et je suis enchant\u00e9e de partager avec toi ma passion pour les langues. Mon lieu de r\u00e9sidence se trouve sur la magnifique \u00eele de Majorque et je t\u2019invite \u00e0 me rejoindre pour apprendre, l\u2019espagnol, l\u2019anglais ou l\u2019allemand en cours particulier ou en groupe. En plus des cours de langues, je propose \u00e9galement des traductions professionnelles sp\u00e9cialis\u00e9es dans les domaines de l&rsquo;\u00e9cologie et de l&rsquo;environnement.<\/p>\n<\/div><\/div><div class=\"w-separator size_small\"><\/div><div class=\"w-btn-wrapper align_none\"><a class=\"w-btn us-btn-style_1\" title=\"Cours de langues\" href=\"\/fr\/lecons-despagnol-mallorca\/\"><span class=\"w-btn-label\">Cours de langues<\/span><\/a><\/div><div class=\"w-btn-wrapper align_none\"><a class=\"w-btn us-btn-style_1\" title=\"Traductions\" href=\"\/fr\/traductions\/\"><span class=\"w-btn-label\">Traductions<\/span><\/a><\/div><\/div><\/div><\/div><div class=\"vc_col-sm-6 wpb_column vc_column_container\"><div class=\"vc_column-inner\"><div class=\"wpb_wrapper\"><div class=\"w-image style_shadow-2 align_center\"><div class=\"w-image-h\"><div class=\"w-image-shadow\" style=\"background-image:url(https:\/\/lenidioma.es\/wp-content\/uploads\/2023\/07\/Welcome-to-Lenidioma-where-languages-connect-people.jpg);\"><\/div><img decoding=\"async\" width=\"1920\" height=\"1280\" src=\"https:\/\/lenidioma.es\/wp-content\/uploads\/2023\/07\/Welcome-to-Lenidioma-where-languages-connect-people.jpg\" class=\"attachment-full size-full\" alt=\"Welcome to Lenidioma - where languages connect people\" loading=\"lazy\" srcset=\"https:\/\/lenidioma.es\/wp-content\/uploads\/2023\/07\/Welcome-to-Lenidioma-where-languages-connect-people.jpg 1920w, https:\/\/lenidioma.es\/wp-content\/uploads\/2023\/07\/Welcome-to-Lenidioma-where-languages-connect-people-300x200.jpg 300w, https:\/\/lenidioma.es\/wp-content\/uploads\/2023\/07\/Welcome-to-Lenidioma-where-languages-connect-people-1024x683.jpg 1024w\" sizes=\"auto, (max-width: 1920px) 100vw, 1920px\" \/><\/div><\/div><\/div><\/div><\/div><\/div><\/div><\/section><section class=\"l-section wpb_row us_custom_1f5f827b height_medium color_alternate\"><div class=\"l-section-h i-cf\"><div class=\"g-cols vc_row via_flex valign_top type_default stacking_default\"><div class=\"vc_col-sm-3 vc_col-md-3 wpb_column vc_column_container\"><div class=\"vc_column-inner\"><div class=\"wpb_wrapper\"><div class=\"w-counter us_custom_f761b94d has_text_color color_custom align_center has_font_size\" data-duration=\"3\"><div class=\"w-counter-value\" style=\"color:var(--color-header-middle-text);\"><span class=\"w-counter-value-part type_text\" data-final=\"\"><\/span><span class=\"w-counter-value-part type_number\" data-final=\"432\">0<\/span><span class=\"w-counter-value-part type_text\" data-final=\"\"><\/span><\/div><p class=\"w-counter-title\">Satisfaction des \u00e9l\u00e8ves<\/p><\/div><\/div><\/div><\/div><div class=\"vc_col-sm-3 vc_col-md-3 wpb_column vc_column_container\"><div class=\"vc_column-inner\"><div class=\"wpb_wrapper\"><div class=\"w-counter us_custom_035b28ae has_text_color color_custom align_center has_font_size\" data-duration=\"4\"><div class=\"w-counter-value\" style=\"color:var(--color-header-middle-bg);\"><span class=\"w-counter-value-part type_text\" data-final=\"\"><\/span><span class=\"w-counter-value-part type_number\" data-final=\"9387\">0<\/span><span class=\"w-counter-value-part type_text\" data-final=\"\"><\/span><\/div><p class=\"w-counter-title\">Pages traduites<\/p><\/div><\/div><\/div><\/div><div class=\"vc_col-sm-3 vc_col-md-3 wpb_column vc_column_container\"><div class=\"vc_column-inner\"><div class=\"wpb_wrapper\"><div class=\"w-counter us_custom_f761b94d has_text_color color_custom align_center has_font_size\" data-duration=\"3\"><div class=\"w-counter-value\" style=\"color:var(--color-header-middle-text);\"><span class=\"w-counter-value-part type_text\" data-final=\"\"><\/span><span class=\"w-counter-value-part type_number\" data-final=\"20\">0<\/span><span class=\"w-counter-value-part type_text\" data-final=\"\"><\/span><\/div><p class=\"w-counter-title\">Ann\u00e9es d\u2019exp\u00e9rience<\/p><\/div><\/div><\/div><\/div><div class=\"vc_col-sm-3 vc_col-md-3 wpb_column vc_column_container\"><div class=\"vc_column-inner\"><div class=\"wpb_wrapper\"><div class=\"w-counter us_custom_035b28ae has_text_color color_custom align_center has_font_size\" data-duration=\"3\"><div class=\"w-counter-value\" style=\"color:var(--color-header-middle-bg);\"><span class=\"w-counter-value-part type_text\" data-final=\"\"><\/span><span class=\"w-counter-value-part type_number\" data-final=\"230\">0<\/span><span class=\"w-counter-value-part type_text\" data-final=\"\"><\/span><\/div><p class=\"w-counter-title\">Mes projets<\/p><\/div><\/div><\/div><\/div><\/div><\/div><\/section><section class=\"l-section wpb_row height_auto width_full\"><div class=\"l-section-h i-cf\"><div class=\"g-cols vc_row via_flex valign_middle type_boxes\"><div class=\"vc_col-sm-12 vc_col-lg-6 vc_col-md-6 wpb_column vc_column_container has_bg_color\"><div class=\"vc_column-inner us_custom_79fa0c06\"><div class=\"wpb_wrapper\"><div class=\"w-separator us_custom_6baf4e5e size_custom\" style=\"height:280px\"><\/div><\/div><\/div><\/div><div class=\"vc_col-sm-12 vc_col-lg-6 vc_col-md-6 wpb_column vc_column_container\"><div class=\"vc_column-inner us_custom_fc4a560c\"><div class=\"wpb_wrapper\"><h2 class=\"w-text\"><span class=\"w-text-h\"><span class=\"w-text-value\">L\u2019endroit id\u00e9al pour apprendre les langues \u00e0 Majorque!<\/span><\/span><\/h2><div class=\"wpb_text_column\"><div class=\"wpb_wrapper\"><p>J\u2019aime beaucoup enseigner \u00e0 mes \u00e9l\u00e8ves mes langues maternelles et partager mes connaissances de l\u2019anglais et de l\u2019allemand avec la communaut\u00e9 espagnole. Cette citation de Gandhi d\u00e9finit le mieux mes pens\u00e9es et mes valeurs de l\u2019apprentissage des langues : \u00ab\u00a0Vis comme si tu devais mourir demain. Apprends comme si tu devais vivre toujours\u00a0\u00bb.<\/p>\n<\/div><\/div><div class=\"w-separator size_medium\"><\/div><div class=\"g-cols wpb_row via_flex valign_top type_default stacking_default\"><div class=\"vc_col-sm-6 wpb_column vc_column_container\"><div class=\"vc_column-inner\"><div class=\"wpb_wrapper\"><div class=\"w-iconbox iconpos_left style_default color_custom align_left\"><div class=\"w-iconbox-icon\" style=\"font-size:;--icon-color:#E74D33;\"><i class=\"far fa-users\"><\/i><\/div><div class=\"w-iconbox-meta\"><h3 class=\"w-iconbox-title\">Pr\u00e9sentiel<\/h3><div class=\"w-iconbox-text\"><p>Que les cours se d\u00e9roulent en pr\u00e9sentiel ou en ligne, mon style d&rsquo;enseignement personnel garantit un apprentissage convivial et efficace.<\/p>\n<\/div><\/div><\/div><\/div><\/div><\/div><div class=\"vc_col-sm-6 wpb_column vc_column_container\"><div class=\"vc_column-inner\"><div class=\"wpb_wrapper\"><div class=\"w-iconbox iconpos_left style_default color_primary align_left\"><div class=\"w-iconbox-icon\" style=\"font-size:;\"><i class=\"far fa-webcam\"><\/i><\/div><div class=\"w-iconbox-meta\"><h3 class=\"w-iconbox-title\">En ligne<\/h3><div class=\"w-iconbox-text\"><p>Horaires flexibles et sans d\u00e9placements. Je propose des cours particuliers en ligne, par exemple, \u00e0 travers via Meet ou MS Teams.<\/p>\n<\/div><\/div><\/div><\/div><\/div><\/div><\/div><\/div><\/div><\/div><\/div><\/div><\/section><section class=\"l-section wpb_row height_auto width_full\"><div class=\"l-section-h i-cf\"><div class=\"g-cols vc_row via_flex valign_middle type_boxes reversed\"><div class=\"vc_col-sm-12 vc_col-lg-6 vc_col-md-6 wpb_column vc_column_container\"><div class=\"vc_column-inner us_custom_fc4a560c\"><div class=\"wpb_wrapper\"><h2 class=\"w-text\"><span class=\"w-text-h\"><span class=\"w-text-value\">Traductions professionnelles et souci du d\u00e9tail<\/span><\/span><\/h2><div class=\"wpb_text_column\"><div class=\"wpb_wrapper\"><p>Mes services de traduction \u00e0 petite \u00e9chelle sont de grande qualit\u00e9. Ils garantissent \u00e0 mes clients non seulement un professionnalisme et une exp\u00e9rience certifi\u00e9e, mais \u00e9galement des solutions personnalis\u00e9es et une flexibilit\u00e9 maximale. Mes sp\u00e9cialit\u00e9s concernent l&rsquo;environnement, l&rsquo;\u00e9cologie et le d\u00e9veloppement durable, domaines dans lesquels je me forme en permanence. Mon expertise se situe principalement dans les domaines du tourisme et des voyages, de la sant\u00e9 et de la m\u00e9decine, ainsi que de l&rsquo;\u00e9ducation et de la formation. Je traduis de l\u2019allemand, de l\u2019anglais et du fran\u00e7ais vers l\u2019espagnol et le catalan.<\/p>\n<\/div><\/div><div class=\"w-separator size_medium\"><\/div><div class=\"w-btn-wrapper align_left\"><a class=\"w-btn us-btn-style_1\" title=\"Plus d\u2019informations\" href=\"\/fr\/traductions\/\"><span class=\"w-btn-label\">Plus d\u2019informations<\/span><\/a><\/div><\/div><\/div><\/div><div class=\"vc_col-sm-12 vc_col-lg-6 vc_col-md-6 wpb_column vc_column_container has_bg_color\"><div class=\"vc_column-inner us_custom_05560b4b\"><div class=\"wpb_wrapper\"><div class=\"w-separator us_custom_6baf4e5e size_custom\" style=\"height:280px\"><\/div><\/div><\/div><\/div><\/div><\/div><\/section><section class=\"l-section wpb_row us_custom_bd32fe69 has_text_color height_medium\"><div class=\"l-section-h i-cf\"><div class=\"g-cols vc_row via_flex valign_top type_default stacking_default\"><div class=\"vc_col-sm-12 wpb_column vc_column_container\"><div class=\"vc_column-inner\"><div class=\"wpb_wrapper\"><div class=\"w-grid mytestimonials type_carousel layout_1166\" id=\"us_grid_1\"><style>.layout_1166 .w-grid-item-h{}.layout_1166 .usg_vwrapper_1{width:80%!important;padding:5px!important;margin:5px auto 5px auto!important}.layout_1166 .usg_post_title_1{color:var(--color-header-middle-bg)!important;text-align:center!important;font-size:20px!important;letter-spacing:0.02em!important;font-family:var(--h1-font-family)!important;font-weight:500!important;text-transform:uppercase!important}.layout_1166 .usg_post_content_1{color:var(--color-header-middle-bg)!important;text-align:justify!important;font-size:16px!important;font-family:var(--font-family)!important}.layout_1166 .usg_post_image_1{text-align:center!important;width:60px!important;height:60px!important;border-radius:50%!important;border-color:var(--color-content-faded)!important;border-width:1px!important}@media (min-width:1025px) and (max-width:1280px){.layout_1166 .usg_vwrapper_1{width:80%!important}}@media (min-width:601px) and (max-width:1024px){.layout_1166 .usg_vwrapper_1{width:100%!important}}@media (max-width:600px){.layout_1166 .usg_vwrapper_1{width:100%!important}}<\/style><div class=\"w-grid-list owl-carousel valign_middle dotstyle_circle navstyle_2 navpos_outside owl-responsive-2000 with_dots with_arrows\" style=\"--transition-duration:350ms;--arrows-size:1.5rem;\">\t<article class=\"w-grid-item post-414 us_testimonial type-us_testimonial status-publish has-post-thumbnail hentry us_testimonial_category-lecons-et-cours\" data-id=\"414\">\r\n\t\t<div class=\"w-grid-item-h\">\r\n\t\t\t\t\t\t<div class=\"w-vwrapper usg_vwrapper_1 mytestimonial align_center valign_middle\"><p class=\"w-post-elm post_title usg_post_title_1 mytestimonialtitle has_text_color align_center entry-title color_link_inherit\">Betti<\/p><div class=\"w-post-elm post_content usg_post_content_1 mytestimonialcontent has_text_color\"><p>\u00ab Le meilleur professeur d&rsquo;espagnol particulier que vous puissiez souhaiter \u00e0 Majorque ! J&rsquo;ai eu la chance de trouver Leni, j&rsquo;aime sa flexibilit\u00e9, son enseignement hautement qualifi\u00e9 et son attitude ! Je la recommande vivement. \u00bb<\/p>\n<\/div><div class=\"w-post-elm post_image usg_post_image_1 has_width has_height stretched\"><img loading=\"lazy\" decoding=\"async\" width=\"150\" height=\"150\" src=\"https:\/\/lenidioma.es\/wp-content\/uploads\/2023\/06\/Betti-150x150.png\" class=\"attachment-thumbnail size-thumbnail wp-post-image\" alt=\"Betti\" srcset=\"https:\/\/lenidioma.es\/wp-content\/uploads\/2023\/06\/Betti-150x150.png 150w, https:\/\/lenidioma.es\/wp-content\/uploads\/2023\/06\/Betti.png 200w\" sizes=\"auto, (max-width: 150px) 100vw, 150px\" \/><\/div><\/div>\t\t<\/div>\r\n\t\t\t<\/article>\r\n\t<article class=\"w-grid-item post-415 us_testimonial type-us_testimonial status-publish has-post-thumbnail hentry us_testimonial_category-lecons-et-cours\" data-id=\"415\">\r\n\t\t<div class=\"w-grid-item-h\">\r\n\t\t\t\t\t\t<div class=\"w-vwrapper usg_vwrapper_1 mytestimonial align_center valign_middle\"><p class=\"w-post-elm post_title usg_post_title_1 mytestimonialtitle has_text_color align_center entry-title color_link_inherit\">Miguel<\/p><div class=\"w-post-elm post_content usg_post_content_1 mytestimonialcontent has_text_color\"><p>\u00ab Je me dois de souligner la chaleur et le professionnalisme de Leni. Elle rend l&rsquo;apprentissage des langues amusant et efficace. J&rsquo;ai rencontr\u00e9 Leni dans un cours de groupe et je suis maintenant des le\u00e7ons personnalis\u00e9es avec elle. \u00bb<\/p>\n<\/div><div class=\"w-post-elm post_image usg_post_image_1 has_width has_height stretched\"><img loading=\"lazy\" decoding=\"async\" width=\"150\" height=\"150\" src=\"https:\/\/lenidioma.es\/wp-content\/uploads\/2023\/08\/man-150x150.png\" class=\"attachment-thumbnail size-thumbnail wp-post-image\" alt=\"\" srcset=\"https:\/\/lenidioma.es\/wp-content\/uploads\/2023\/08\/man-150x150.png 150w, https:\/\/lenidioma.es\/wp-content\/uploads\/2023\/08\/man-300x300.png 300w, https:\/\/lenidioma.es\/wp-content\/uploads\/2023\/08\/man.png 550w\" sizes=\"auto, (max-width: 150px) 100vw, 150px\" \/><\/div><\/div>\t\t<\/div>\r\n\t\t\t<\/article>\r\n\t<article class=\"w-grid-item post-416 us_testimonial type-us_testimonial status-publish has-post-thumbnail hentry us_testimonial_category-lecons-et-cours\" data-id=\"416\">\r\n\t\t<div class=\"w-grid-item-h\">\r\n\t\t\t\t\t\t<div class=\"w-vwrapper usg_vwrapper_1 mytestimonial align_center valign_middle\"><p class=\"w-post-elm post_title usg_post_title_1 mytestimonialtitle has_text_color align_center entry-title color_link_inherit\">Nuria<\/p><div class=\"w-post-elm post_content usg_post_content_1 mytestimonialcontent has_text_color\"><p>\u00ab J&rsquo;ai d\u00e9j\u00e0 pris deux cours d&rsquo;allemand avec Leni et maintenant je vais au troisi\u00e8me parce qu&rsquo;apprendre avec Leni est tellement amusant. Pour moi, elle est la meilleure. \u00bb<\/p>\n<\/div><div class=\"w-post-elm post_image usg_post_image_1 has_width has_height stretched\"><img loading=\"lazy\" decoding=\"async\" width=\"150\" height=\"150\" src=\"https:\/\/lenidioma.es\/wp-content\/uploads\/2023\/08\/woman-150x150.png\" class=\"attachment-thumbnail size-thumbnail wp-post-image\" alt=\"\" srcset=\"https:\/\/lenidioma.es\/wp-content\/uploads\/2023\/08\/woman-150x150.png 150w, https:\/\/lenidioma.es\/wp-content\/uploads\/2023\/08\/woman-300x300.png 300w, https:\/\/lenidioma.es\/wp-content\/uploads\/2023\/08\/woman.png 550w\" sizes=\"auto, (max-width: 150px) 100vw, 150px\" \/><\/div><\/div>\t\t<\/div>\r\n\t\t\t<\/article>\r\n\t<article class=\"w-grid-item post-417 us_testimonial type-us_testimonial status-publish has-post-thumbnail hentry us_testimonial_category-lecons-et-cours\" data-id=\"417\">\r\n\t\t<div class=\"w-grid-item-h\">\r\n\t\t\t\t\t\t<div class=\"w-vwrapper usg_vwrapper_1 mytestimonial align_center valign_middle\"><p class=\"w-post-elm post_title usg_post_title_1 mytestimonialtitle has_text_color align_center entry-title color_link_inherit\">Mar\u00eda Jos\u00e9<\/p><div class=\"w-post-elm post_content usg_post_content_1 mytestimonialcontent has_text_color\"><p>\u00ab Genial !!!! Tr\u00e8s sympathique, tr\u00e8s professionnelle et comp\u00e9tente. Je vais continuer \u00e0 apprendre avec Leni, c&rsquo;est tr\u00e8s facile d&rsquo;apprendre avec elle. \u00bb<\/p>\n<\/div><div class=\"w-post-elm post_image usg_post_image_1 has_width has_height stretched\"><img loading=\"lazy\" decoding=\"async\" width=\"150\" height=\"150\" src=\"https:\/\/lenidioma.es\/wp-content\/uploads\/2023\/06\/Maria-Jose-150x150.png\" class=\"attachment-thumbnail size-thumbnail wp-post-image\" alt=\"Mar\u00eda Jos\u00e9\" srcset=\"https:\/\/lenidioma.es\/wp-content\/uploads\/2023\/06\/Maria-Jose-150x150.png 150w, https:\/\/lenidioma.es\/wp-content\/uploads\/2023\/06\/Maria-Jose.png 200w\" sizes=\"auto, (max-width: 150px) 100vw, 150px\" \/><\/div><\/div>\t\t<\/div>\r\n\t\t\t<\/article>\r\n\t<article class=\"w-grid-item post-418 us_testimonial type-us_testimonial status-publish has-post-thumbnail hentry us_testimonial_category-lecons-et-cours\" data-id=\"418\">\r\n\t\t<div class=\"w-grid-item-h\">\r\n\t\t\t\t\t\t<div class=\"w-vwrapper usg_vwrapper_1 mytestimonial align_center valign_middle\"><p class=\"w-post-elm post_title usg_post_title_1 mytestimonialtitle has_text_color align_center entry-title color_link_inherit\">Silvia<\/p><div class=\"w-post-elm post_content usg_post_content_1 mytestimonialcontent has_text_color\"><p>\u00ab Un 10, un excellent enseignant et des le\u00e7ons amusantes. Tr\u00e8s impliqu\u00e9e dans son travail et passionn\u00e9e par l&rsquo;enseignement de la langue. Je la recommande vivement. \u00bb<\/p>\n<\/div><div class=\"w-post-elm post_image usg_post_image_1 has_width has_height stretched\"><img loading=\"lazy\" decoding=\"async\" width=\"150\" height=\"150\" src=\"https:\/\/lenidioma.es\/wp-content\/uploads\/2023\/06\/Silvia-150x150.png\" class=\"attachment-thumbnail size-thumbnail wp-post-image\" alt=\"Silvia\" srcset=\"https:\/\/lenidioma.es\/wp-content\/uploads\/2023\/06\/Silvia-150x150.png 150w, https:\/\/lenidioma.es\/wp-content\/uploads\/2023\/06\/Silvia.png 200w\" sizes=\"auto, (max-width: 150px) 100vw, 150px\" \/><\/div><\/div>\t\t<\/div>\r\n\t\t\t<\/article>\r\n\t<article class=\"w-grid-item post-439 us_testimonial type-us_testimonial status-publish has-post-thumbnail hentry us_testimonial_category-traductions-entreprise\" data-id=\"439\">\r\n\t\t<div class=\"w-grid-item-h\">\r\n\t\t\t\t\t\t<div class=\"w-vwrapper usg_vwrapper_1 mytestimonial align_center valign_middle\"><p class=\"w-post-elm post_title usg_post_title_1 mytestimonialtitle has_text_color align_center entry-title color_link_inherit\">Bonnin A Broker<\/p><div class=\"w-post-elm post_content usg_post_content_1 mytestimonialcontent has_text_color\"><p>\u00ab Le meilleur professionnel qui existe. Son efficacit\u00e9, sa gentillesse et sa chaleur humaine sont des qualit\u00e9s que l&rsquo;on ne trouve plus aujourd&rsquo;hui. \u00bb<\/p>\n<\/div><div class=\"w-post-elm post_image usg_post_image_1 has_width has_height stretched\"><img loading=\"lazy\" decoding=\"async\" width=\"150\" height=\"150\" src=\"https:\/\/lenidioma.es\/wp-content\/uploads\/2023\/06\/Iberinform-Bonnin-A-Broker-150x150.png\" class=\"attachment-thumbnail size-thumbnail wp-post-image\" alt=\"Iberinform Bonnin A Broker\" srcset=\"https:\/\/lenidioma.es\/wp-content\/uploads\/2023\/06\/Iberinform-Bonnin-A-Broker-150x150.png 150w, https:\/\/lenidioma.es\/wp-content\/uploads\/2023\/06\/Iberinform-Bonnin-A-Broker.png 180w\" sizes=\"auto, (max-width: 150px) 100vw, 150px\" \/><\/div><\/div>\t\t<\/div>\r\n\t\t\t<\/article>\r\n\t<article class=\"w-grid-item post-440 us_testimonial type-us_testimonial status-publish has-post-thumbnail hentry us_testimonial_category-traductions-entreprise\" data-id=\"440\">\r\n\t\t<div class=\"w-grid-item-h\">\r\n\t\t\t\t\t\t<div class=\"w-vwrapper usg_vwrapper_1 mytestimonial align_center valign_middle\"><p class=\"w-post-elm post_title usg_post_title_1 mytestimonialtitle has_text_color align_center entry-title color_link_inherit\">Marga &#8211; Gestor\u00eda Bauz\u00e1 Vives S.L.<\/p><div class=\"w-post-elm post_content usg_post_content_1 mytestimonialcontent has_text_color\"><p>\u00ab J&rsquo;ai utilis\u00e9 les services de traduction de Leni \u00e0 plusieurs occasions et c&rsquo;est vraiment la meilleure, rapide, efficace et professionnelle ! C&rsquo;est un plaisir de travailler avec Leni. \u00bb<\/p>\n<\/div><div class=\"w-post-elm post_image usg_post_image_1 has_width has_height stretched\"><img loading=\"lazy\" decoding=\"async\" width=\"150\" height=\"150\" src=\"https:\/\/lenidioma.es\/wp-content\/uploads\/2023\/06\/Gestoria-Bauza-Vives-1-150x150.png\" class=\"attachment-thumbnail size-thumbnail wp-post-image\" alt=\"Gestoria Bauz\u00e1 Vives\" srcset=\"https:\/\/lenidioma.es\/wp-content\/uploads\/2023\/06\/Gestoria-Bauza-Vives-1-150x150.png 150w, https:\/\/lenidioma.es\/wp-content\/uploads\/2023\/06\/Gestoria-Bauza-Vives-1.png 180w\" sizes=\"auto, (max-width: 150px) 100vw, 150px\" \/><\/div><\/div>\t\t<\/div>\r\n\t\t\t<\/article>\r\n\t<article class=\"w-grid-item post-441 us_testimonial type-us_testimonial status-publish has-post-thumbnail hentry us_testimonial_category-traductions-entreprise\" data-id=\"441\">\r\n\t\t<div class=\"w-grid-item-h\">\r\n\t\t\t\t\t\t<div class=\"w-vwrapper usg_vwrapper_1 mytestimonial align_center valign_middle\"><p class=\"w-post-elm post_title usg_post_title_1 mytestimonialtitle has_text_color align_center entry-title color_link_inherit\">Vero &#8211; Asesor\u00eda Bonnin Art\u00e0<\/p><div class=\"w-post-elm post_content usg_post_content_1 mytestimonialcontent has_text_color\"><p>\u00ab Une excellente professionnelle, incomparable dans son traitement et ses comp\u00e9tences. Merci pour tout. \u00bb<\/p>\n<\/div><div class=\"w-post-elm post_image usg_post_image_1 has_width has_height stretched\"><img loading=\"lazy\" decoding=\"async\" width=\"150\" height=\"150\" src=\"https:\/\/lenidioma.es\/wp-content\/uploads\/2023\/06\/Asesoria-Bonnin-Arta-03-150x150.png\" class=\"attachment-thumbnail size-thumbnail wp-post-image\" alt=\"Asesor\u00eda Bonnin Art\u00e0\" srcset=\"https:\/\/lenidioma.es\/wp-content\/uploads\/2023\/06\/Asesoria-Bonnin-Arta-03-150x150.png 150w, https:\/\/lenidioma.es\/wp-content\/uploads\/2023\/06\/Asesoria-Bonnin-Arta-03.png 180w\" sizes=\"auto, (max-width: 150px) 100vw, 150px\" \/><\/div><\/div>\t\t<\/div>\r\n\t\t\t<\/article>\r\n\t<article class=\"w-grid-item post-442 us_testimonial type-us_testimonial status-publish has-post-thumbnail hentry us_testimonial_category-traductions-entreprise\" data-id=\"442\">\r\n\t\t<div class=\"w-grid-item-h\">\r\n\t\t\t\t\t\t<div class=\"w-vwrapper usg_vwrapper_1 mytestimonial align_center valign_middle\"><p class=\"w-post-elm post_title usg_post_title_1 mytestimonialtitle has_text_color align_center entry-title color_link_inherit\">Silviya &#8211; Asesor\u00eda Bonnin Art\u00e0<\/p><div class=\"w-post-elm post_content usg_post_content_1 mytestimonialcontent has_text_color\"><p>\u00ab Si vous avez besoin de faire traduire des documents, ne cherchez plus. Vous \u00eates au bon endroit. Tr\u00e8s, tr\u00e8s professionnel. \u00bb<\/p>\n<\/div><div class=\"w-post-elm post_image usg_post_image_1 has_width has_height stretched\"><img loading=\"lazy\" decoding=\"async\" width=\"150\" height=\"150\" src=\"https:\/\/lenidioma.es\/wp-content\/uploads\/2023\/06\/Asesoria-Bonnin-Arta-03-150x150.png\" class=\"attachment-thumbnail size-thumbnail wp-post-image\" alt=\"Asesor\u00eda Bonnin Art\u00e0\" srcset=\"https:\/\/lenidioma.es\/wp-content\/uploads\/2023\/06\/Asesoria-Bonnin-Arta-03-150x150.png 150w, https:\/\/lenidioma.es\/wp-content\/uploads\/2023\/06\/Asesoria-Bonnin-Arta-03.png 180w\" sizes=\"auto, (max-width: 150px) 100vw, 150px\" \/><\/div><\/div>\t\t<\/div>\r\n\t\t\t<\/article>\r\n\t<article class=\"w-grid-item post-443 us_testimonial type-us_testimonial status-publish has-post-thumbnail hentry us_testimonial_category-traductions-entreprise\" data-id=\"443\">\r\n\t\t<div class=\"w-grid-item-h\">\r\n\t\t\t\t\t\t<div class=\"w-vwrapper usg_vwrapper_1 mytestimonial align_center valign_middle\"><p class=\"w-post-elm post_title usg_post_title_1 mytestimonialtitle has_text_color align_center entry-title color_link_inherit\">Biel LL \u2013 Estudio de paisajismo<\/p><div class=\"w-post-elm post_content usg_post_content_1 mytestimonialcontent has_text_color\"><p>\u00ab Tr\u00e8s professionnelle et excellente relation de travail. Elle a traduit mon site web en anglais et je continuerai \u00e0 travailler avec elle, je la recommande vivement! \u00bb<\/p>\n<\/div><div class=\"w-post-elm post_image usg_post_image_1 has_width has_height stretched\"><img loading=\"lazy\" decoding=\"async\" width=\"150\" height=\"150\" src=\"https:\/\/lenidioma.es\/wp-content\/uploads\/2023\/06\/Gabriel-Llabres-Estudio-de-paisajismo-1-150x150.png\" class=\"attachment-thumbnail size-thumbnail wp-post-image\" alt=\"Gabriel Llabres Estudio de paisajismo\" srcset=\"https:\/\/lenidioma.es\/wp-content\/uploads\/2023\/06\/Gabriel-Llabres-Estudio-de-paisajismo-1-150x150.png 150w, https:\/\/lenidioma.es\/wp-content\/uploads\/2023\/06\/Gabriel-Llabres-Estudio-de-paisajismo-1.png 180w\" sizes=\"auto, (max-width: 150px) 100vw, 150px\" \/><\/div><\/div>\t\t<\/div>\r\n\t\t\t<\/article>\r\n<\/div>\t<div class=\"g-preloader type_1\">\r\n\t\t<div><\/div>\r\n\t<\/div>\r\n\t\t<div class=\"w-grid-json hidden\" onclick='return {&quot;action&quot;:&quot;us_ajax_grid&quot;,&quot;infinite_scroll&quot;:0,&quot;max_num_pages&quot;:1,&quot;pagination&quot;:&quot;none&quot;,&quot;template_vars&quot;:{&quot;columns&quot;:&quot;&quot;,&quot;exclude_items&quot;:&quot;none&quot;,&quot;img_size&quot;:&quot;default&quot;,&quot;ignore_items_size&quot;:0,&quot;items_layout&quot;:&quot;1166&quot;,&quot;items_offset&quot;:&quot;0px&quot;,&quot;load_animation&quot;:&quot;none&quot;,&quot;overriding_link&quot;:&quot;%7B%22url%22%3A%22%22%7D&quot;,&quot;post_id&quot;:0,&quot;query_args&quot;:{&quot;post_type&quot;:[&quot;us_testimonial&quot;],&quot;tax_query&quot;:[{&quot;taxonomy&quot;:&quot;us_testimonial_category&quot;,&quot;field&quot;:&quot;slug&quot;,&quot;terms&quot;:[&quot;lektionen-kurse&quot;,&quot;ubersetzungen-unternehmen&quot;]}],&quot;post_status&quot;:[&quot;publish&quot;,&quot;acf-disabled&quot;],&quot;posts_per_page&quot;:&quot;10&quot;},&quot;orderby_query_args&quot;:{&quot;orderby&quot;:{&quot;menu_order&quot;:&quot;ASC&quot;},&quot;order&quot;:&quot;ASC&quot;},&quot;type&quot;:&quot;carousel&quot;,&quot;us_grid_post_type&quot;:&quot;us_testimonial&quot;,&quot;us_grid_ajax_index&quot;:1,&quot;us_grid_filter_query_string&quot;:null,&quot;us_grid_index&quot;:1,&quot;page_args&quot;:[],&quot;lang&quot;:&quot;fr&quot;},&quot;carousel_settings&quot;:{&quot;aria_labels&quot;:{&quot;prev&quot;:&quot;Pr\\u00e9c\\u00e9dent&quot;,&quot;next&quot;:&quot;Suivant&quot;},&quot;autoplayContinual&quot;:false,&quot;autoplayHoverPause&quot;:false,&quot;autoplayTimeout&quot;:5000,&quot;autoWidth&quot;:false,&quot;smartSpeed&quot;:350,&quot;margin&quot;:0,&quot;mouseDrag&quot;:true,&quot;rtl&quot;:false,&quot;slideBy&quot;:&quot;1&quot;,&quot;touchDrag&quot;:true,&quot;slideTransition&quot;:&quot;&quot;,&quot;animateIn&quot;:&quot;fadeIn&quot;,&quot;animateOut&quot;:&quot;fadeOut&quot;,&quot;responsive&quot;:{&quot;0&quot;:{&quot;autoHeight&quot;:false,&quot;autoplay&quot;:false,&quot;autoWidth&quot;:false,&quot;center&quot;:false,&quot;dots&quot;:false,&quot;items&quot;:1,&quot;loop&quot;:false,&quot;nav&quot;:false,&quot;stagePadding&quot;:0,&quot;slideBy&quot;:&quot;1&quot;},&quot;601&quot;:{&quot;items&quot;:1,&quot;autoplay&quot;:true,&quot;center&quot;:false,&quot;dots&quot;:true,&quot;nav&quot;:true,&quot;autoHeight&quot;:false,&quot;autoWidth&quot;:false,&quot;loop&quot;:true,&quot;stagePadding&quot;:0}}}}'><\/div>\r\n\t<\/div><\/div><\/div><\/div><\/div><\/div><\/section><section class=\"l-section wpb_row height_medium full_height valign_center color_primary with_slider\"><div class=\"l-section-slider\"><div class=\"w-slider style_none fit_cover nav_none count_1\"><div class=\"w-slider-h\"><div class=\"royalSlider\"><div class=\"rsContent\"><a class=\"rsImg\" data-rsw=\"1920\" data-rsh=\"1280\" href=\"https:\/\/lenidioma.es\/wp-content\/uploads\/2023\/06\/Lenidioma-Mallorca.jpg\"><span data-alt=\"\"><\/span><\/a><\/div><\/div><img decoding=\"async\" src=\"https:\/\/lenidioma.es\/wp-content\/uploads\/2023\/06\/Lenidioma-Mallorca.jpg\" width=\"1920\" height=\"1280\" alt loading=\"lazy\"><\/div><div class=\"w-slider-json\" onclick='return {&quot;autoScaleSlider&quot;:true,&quot;addActiveClass&quot;:true,&quot;loop&quot;:true,&quot;fadeInLoadedSlide&quot;:false,&quot;slidesSpacing&quot;:0,&quot;imageScalePadding&quot;:0,&quot;numImagesToPreload&quot;:2,&quot;arrowsNav&quot;:false,&quot;arrowsNavAutoHide&quot;:false,&quot;transitionType&quot;:&quot;move&quot;,&quot;transitionSpeed&quot;:800,&quot;block&quot;:{&quot;moveEffect&quot;:&quot;none&quot;,&quot;speed&quot;:300},&quot;thumbs&quot;:{&quot;fitInViewport&quot;:false,&quot;firstMargin&quot;:false,&quot;spacing&quot;:4},&quot;controlNavigation&quot;:&quot;none&quot;,&quot;autoplay&quot;:{&quot;enabled&quot;:true,&quot;pauseOnHover&quot;:false,&quot;delay&quot;:3000},&quot;autoScaleSliderWidth&quot;:1920,&quot;autoScaleSliderHeight&quot;:1280}'><\/div><\/div><\/div><div class=\"l-section-h i-cf\"><div class=\"g-cols vc_row via_flex valign_top type_default stacking_default\"><div class=\"vc_col-sm-12 wpb_column vc_column_container\"><div class=\"vc_column-inner\"><div class=\"wpb_wrapper\"><div class=\"w-btn-wrapper align_center\"><a class=\"w-btn us-btn-style_1\" title=\"En savoir plus sur moi\" href=\"\/fr\/a-propos-de-nous\/\"><span class=\"w-btn-label\">En savoir plus sur Leni<\/span><\/a><\/div><\/div><\/div><\/div><\/div><\/div><\/section>\n","protected":false},"excerpt":{"rendered":"\u00ab Tr\u00e8s professionnelle et excellente relation de travail. Elle a traduit mon site web en anglais et je continuerai \u00e0 travailler avec elle, je la recommande vivement! \u00bb","protected":false},"author":2,"featured_media":634,"parent":0,"menu_order":0,"comment_status":"closed","ping_status":"closed","template":"","meta":{"_acf_changed":false,"footnotes":""},"class_list":["post-274","page","type-page","status-publish","has-post-thumbnail","hentry"],"acf":[],"yoast_head":"<!-- This site is optimized with the Yoast SEO plugin v26.8 - https:\/\/yoast.com\/product\/yoast-seo-wordpress\/ -->\n<title>Lenidioma \ud83e\udde1 la langue est notre nature.<\/title>\n<meta name=\"description\" content=\"Leni Sureda offre des cours individuels et en groupe \u00e0 Majorque, ainsi que des traductions professionnelles.\" \/>\n<meta name=\"robots\" content=\"index, follow, max-snippet:-1, max-image-preview:large, max-video-preview:-1\" \/>\n<link rel=\"canonical\" href=\"https:\/\/lenidioma.es\/fr\/\" \/>\n<meta property=\"og:locale\" content=\"fr_FR\" \/>\n<meta property=\"og:type\" content=\"article\" \/>\n<meta property=\"og:title\" content=\"Lenidioma \ud83e\udde1 la langue est notre nature.\" \/>\n<meta property=\"og:description\" content=\"Leni Sureda offre des cours individuels et en groupe \u00e0 Majorque, ainsi que des traductions professionnelles.\" \/>\n<meta property=\"og:url\" content=\"https:\/\/lenidioma.es\/fr\/\" \/>\n<meta property=\"og:site_name\" content=\"Lenidioma \ud83e\udde1\" \/>\n<meta property=\"article:publisher\" content=\"https:\/\/www.facebook.com\/lenidioma\" \/>\n<meta property=\"article:modified_time\" content=\"2025-06-10T00:58:05+00:00\" \/>\n<meta property=\"og:image\" content=\"https:\/\/lenidioma.es\/wp-content\/uploads\/2023\/07\/Lenidioma.jpg\" \/>\n\t<meta property=\"og:image:width\" content=\"1920\" \/>\n\t<meta property=\"og:image:height\" content=\"1280\" \/>\n\t<meta property=\"og:image:type\" content=\"image\/jpeg\" \/>\n<meta name=\"twitter:card\" content=\"summary_large_image\" \/>\n<meta name=\"twitter:title\" content=\"Lenidioma \ud83e\udde1 la langue est notre nature.\" \/>\n<meta name=\"twitter:description\" content=\"Leni Sureda offre des cours individuels et en groupe \u00e0 Majorque, ainsi que des traductions professionnelles.\" \/>\n<meta name=\"twitter:image\" content=\"https:\/\/lenidioma.es\/wp-content\/uploads\/2023\/07\/Lenidioma.jpg\" \/>\n<meta name=\"twitter:label1\" content=\"Dur\u00e9e de lecture estim\u00e9e\" \/>\n\t<meta name=\"twitter:data1\" content=\"3 minutes\" \/>\n<script type=\"application\/ld+json\" class=\"yoast-schema-graph\">{\"@context\":\"https:\/\/schema.org\",\"@graph\":[{\"@type\":\"WebPage\",\"@id\":\"https:\/\/lenidioma.es\/fr\/\",\"url\":\"https:\/\/lenidioma.es\/fr\/\",\"name\":\"Lenidioma \ud83e\udde1 la langue est notre nature.\",\"isPartOf\":{\"@id\":\"https:\/\/lenidioma.es\/fr\/#website\"},\"primaryImageOfPage\":{\"@id\":\"https:\/\/lenidioma.es\/fr\/#primaryimage\"},\"image\":{\"@id\":\"https:\/\/lenidioma.es\/fr\/#primaryimage\"},\"thumbnailUrl\":\"https:\/\/lenidioma.es\/wp-content\/uploads\/2023\/07\/Lenidioma.jpg\",\"datePublished\":\"2023-06-18T05:47:41+00:00\",\"dateModified\":\"2025-06-10T00:58:05+00:00\",\"description\":\"Leni Sureda offre des cours individuels et en groupe \u00e0 Majorque, ainsi que des traductions professionnelles.\",\"breadcrumb\":{\"@id\":\"https:\/\/lenidioma.es\/fr\/#breadcrumb\"},\"inLanguage\":\"fr-FR\",\"potentialAction\":[{\"@type\":\"ReadAction\",\"target\":[\"https:\/\/lenidioma.es\/fr\/\"]}]},{\"@type\":\"ImageObject\",\"inLanguage\":\"fr-FR\",\"@id\":\"https:\/\/lenidioma.es\/fr\/#primaryimage\",\"url\":\"https:\/\/lenidioma.es\/wp-content\/uploads\/2023\/07\/Lenidioma.jpg\",\"contentUrl\":\"https:\/\/lenidioma.es\/wp-content\/uploads\/2023\/07\/Lenidioma.jpg\",\"width\":1920,\"height\":1280,\"caption\":\"Learn more about Leni Sureda and Lenidioma!\"},{\"@type\":\"BreadcrumbList\",\"@id\":\"https:\/\/lenidioma.es\/fr\/#breadcrumb\",\"itemListElement\":[{\"@type\":\"ListItem\",\"position\":1,\"name\":\"Home\",\"item\":\"https:\/\/lenidioma.es\/fr\/\"},{\"@type\":\"ListItem\",\"position\":2,\"name\":\"Accueil\"}]},{\"@type\":\"WebSite\",\"@id\":\"https:\/\/lenidioma.es\/fr\/#website\",\"url\":\"https:\/\/lenidioma.es\/fr\/\",\"name\":\"Lenidioma \ud83e\udde1\",\"description\":\"Language is our nature\",\"potentialAction\":[{\"@type\":\"SearchAction\",\"target\":{\"@type\":\"EntryPoint\",\"urlTemplate\":\"https:\/\/lenidioma.es\/fr\/?s={search_term_string}\"},\"query-input\":{\"@type\":\"PropertyValueSpecification\",\"valueRequired\":true,\"valueName\":\"search_term_string\"}}],\"inLanguage\":\"fr-FR\"}]}<\/script>\n<!-- \/ Yoast SEO plugin. -->","yoast_head_json":{"title":"Lenidioma \ud83e\udde1 la langue est notre nature.","description":"Leni Sureda offre des cours individuels et en groupe \u00e0 Majorque, ainsi que des traductions professionnelles.","robots":{"index":"index","follow":"follow","max-snippet":"max-snippet:-1","max-image-preview":"max-image-preview:large","max-video-preview":"max-video-preview:-1"},"canonical":"https:\/\/lenidioma.es\/fr\/","og_locale":"fr_FR","og_type":"article","og_title":"Lenidioma \ud83e\udde1 la langue est notre nature.","og_description":"Leni Sureda offre des cours individuels et en groupe \u00e0 Majorque, ainsi que des traductions professionnelles.","og_url":"https:\/\/lenidioma.es\/fr\/","og_site_name":"Lenidioma \ud83e\udde1","article_publisher":"https:\/\/www.facebook.com\/lenidioma","article_modified_time":"2025-06-10T00:58:05+00:00","og_image":[{"width":1920,"height":1280,"url":"https:\/\/lenidioma.es\/wp-content\/uploads\/2023\/07\/Lenidioma.jpg","type":"image\/jpeg"}],"twitter_card":"summary_large_image","twitter_title":"Lenidioma \ud83e\udde1 la langue est notre nature.","twitter_description":"Leni Sureda offre des cours individuels et en groupe \u00e0 Majorque, ainsi que des traductions professionnelles.","twitter_image":"https:\/\/lenidioma.es\/wp-content\/uploads\/2023\/07\/Lenidioma.jpg","twitter_misc":{"Dur\u00e9e de lecture estim\u00e9e":"3 minutes"},"schema":{"@context":"https:\/\/schema.org","@graph":[{"@type":"WebPage","@id":"https:\/\/lenidioma.es\/fr\/","url":"https:\/\/lenidioma.es\/fr\/","name":"Lenidioma \ud83e\udde1 la langue est notre nature.","isPartOf":{"@id":"https:\/\/lenidioma.es\/fr\/#website"},"primaryImageOfPage":{"@id":"https:\/\/lenidioma.es\/fr\/#primaryimage"},"image":{"@id":"https:\/\/lenidioma.es\/fr\/#primaryimage"},"thumbnailUrl":"https:\/\/lenidioma.es\/wp-content\/uploads\/2023\/07\/Lenidioma.jpg","datePublished":"2023-06-18T05:47:41+00:00","dateModified":"2025-06-10T00:58:05+00:00","description":"Leni Sureda offre des cours individuels et en groupe \u00e0 Majorque, ainsi que des traductions professionnelles.","breadcrumb":{"@id":"https:\/\/lenidioma.es\/fr\/#breadcrumb"},"inLanguage":"fr-FR","potentialAction":[{"@type":"ReadAction","target":["https:\/\/lenidioma.es\/fr\/"]}]},{"@type":"ImageObject","inLanguage":"fr-FR","@id":"https:\/\/lenidioma.es\/fr\/#primaryimage","url":"https:\/\/lenidioma.es\/wp-content\/uploads\/2023\/07\/Lenidioma.jpg","contentUrl":"https:\/\/lenidioma.es\/wp-content\/uploads\/2023\/07\/Lenidioma.jpg","width":1920,"height":1280,"caption":"Learn more about Leni Sureda and Lenidioma!"},{"@type":"BreadcrumbList","@id":"https:\/\/lenidioma.es\/fr\/#breadcrumb","itemListElement":[{"@type":"ListItem","position":1,"name":"Home","item":"https:\/\/lenidioma.es\/fr\/"},{"@type":"ListItem","position":2,"name":"Accueil"}]},{"@type":"WebSite","@id":"https:\/\/lenidioma.es\/fr\/#website","url":"https:\/\/lenidioma.es\/fr\/","name":"Lenidioma \ud83e\udde1","description":"Language is our nature","potentialAction":[{"@type":"SearchAction","target":{"@type":"EntryPoint","urlTemplate":"https:\/\/lenidioma.es\/fr\/?s={search_term_string}"},"query-input":{"@type":"PropertyValueSpecification","valueRequired":true,"valueName":"search_term_string"}}],"inLanguage":"fr-FR"}]}},"_links":{"self":[{"href":"https:\/\/lenidioma.es\/fr\/wp-json\/wp\/v2\/pages\/274","targetHints":{"allow":["GET"]}}],"collection":[{"href":"https:\/\/lenidioma.es\/fr\/wp-json\/wp\/v2\/pages"}],"about":[{"href":"https:\/\/lenidioma.es\/fr\/wp-json\/wp\/v2\/types\/page"}],"author":[{"embeddable":true,"href":"https:\/\/lenidioma.es\/fr\/wp-json\/wp\/v2\/users\/2"}],"replies":[{"embeddable":true,"href":"https:\/\/lenidioma.es\/fr\/wp-json\/wp\/v2\/comments?post=274"}],"version-history":[{"count":12,"href":"https:\/\/lenidioma.es\/fr\/wp-json\/wp\/v2\/pages\/274\/revisions"}],"predecessor-version":[{"id":1785,"href":"https:\/\/lenidioma.es\/fr\/wp-json\/wp\/v2\/pages\/274\/revisions\/1785"}],"wp:featuredmedia":[{"embeddable":true,"href":"https:\/\/lenidioma.es\/fr\/wp-json\/wp\/v2\/media\/634"}],"wp:attachment":[{"href":"https:\/\/lenidioma.es\/fr\/wp-json\/wp\/v2\/media?parent=274"}],"curies":[{"name":"wp","href":"https:\/\/api.w.org\/{rel}","templated":true}]}}