{"id":1447,"date":"2023-09-17T10:33:47","date_gmt":"2023-09-17T08:33:47","guid":{"rendered":"https:\/\/lenidioma.es\/avis-legal\/"},"modified":"2025-06-10T03:20:34","modified_gmt":"2025-06-10T01:20:34","slug":"avis-legal","status":"publish","type":"page","link":"https:\/\/lenidioma.es\/ca\/avis-legal\/","title":{"rendered":"Av\u00eds Legal"},"content":{"rendered":"<section class=\"l-section wpb_row height_medium\"><div class=\"l-section-h i-cf\"><div class=\"g-cols vc_row via_flex valign_top type_default stacking_default\"><div class=\"vc_col-sm-12 wpb_column vc_column_container\"><div class=\"vc_column-inner\"><div class=\"wpb_wrapper\"><h1 class=\"w-post-elm post_title entry-title color_link_inherit\">Av\u00eds Legal<\/h1><\/div><\/div><\/div><\/div><\/div><\/section><section class=\"l-section wpb_row height_small\"><div class=\"l-section-h i-cf\"><div class=\"g-cols vc_row via_flex valign_top type_default stacking_default\"><div class=\"vc_col-sm-12 wpb_column vc_column_container\"><div class=\"vc_column-inner\"><div class=\"wpb_wrapper\"><div class=\"wpb_text_column\"><div class=\"wpb_wrapper\"><p>En compliment amb el deure d&#8217;informaci\u00f3 recollit en article 10 de la Llei 34\/2002, d&#8217;11 de juliol, de Serveis de la Societat de la Informaci\u00f3 i del Comer\u00e7 Electr\u00f2nic (LSSICE), el propietari de la web, l&#8217;informa del seg\u00fcent:<\/p>\n<ul>\n<li>Denominaci\u00f3 social: Magdalena Mar\u00eda Sureda Ferragut<\/li>\n<li>NIF: 18224968K<\/li>\n<li>Domicili: Cam\u00ed de Sa Vall, Pol. 27, Parcel\u00b7la 110, 07500 &#8211; Manacor (Illes Balears)<\/li>\n<\/ul>\n<p>Amb els l\u00edmits establerts en la llei, Magdalena Mar\u00eda Sureda Ferragut no assumeix cap responsabilitat derivada de la falta de veracitat, integritat, actualitzaci\u00f3 i precisi\u00f3 de les dades o informacions que cont\u00e9 la seva p\u00e0gina web.<\/p>\n<p>Els continguts i informaci\u00f3 no vinculen a Magdalena Mar\u00eda Sureda Ferragut ni constitueixen opinions, consells o assessorament legal de cap mena perqu\u00e8 es tracta merament d&#8217;un servei ofert amb car\u00e0cter informatiu i divulgatiu.<\/p>\n<p>Les p\u00e0gines d&#8217;Internet de Magdalena Mar\u00eda Sureda Ferragut poden contenir enlla\u00e7os (links) a altres p\u00e0gines de terceres parts que Magdalena Mar\u00eda Sureda Ferragut no pot controlar.<\/p>\n<p>Per tant, Magdalena Mar\u00eda Sureda Ferragut no pot assumir responsabilitats pel contingut que pugui apar\u00e8ixer en p\u00e0gines de tercers.<\/p>\n<p>Els textos, imatges, sons, animacions, programari i la resta de continguts inclosos en aquesta p\u00e0gina web s\u00f3n propietat exclusiva de Magdalena Mar\u00eda Sureda Ferragut o els seus llicenciadors.<\/p>\n<p>Qualsevol acte de transmissi\u00f3, distribuci\u00f3, cessi\u00f3, reproducci\u00f3, emmagatzematge o comunicaci\u00f3 p\u00fablica total o parcial, haur\u00e0 de comptar amb el consentiment expr\u00e9s de Magdalena Mar\u00eda Sureda Ferragut.<\/p>\n<p>Aix\u00ed mateix, per a accedir a alguns dels serveis que Magdalena Mar\u00eda Sureda Ferragut ofereix a trav\u00e9s del lloc web, haur\u00e0s de proporcionar algunes dades de car\u00e0cter personal. En compliment del que s&#8217;estableix en el Reglament (UE) 2016\/679 del Parlament Europeu i del Consell, de 27 d&#8217;abril de 2016, relatiu a la protecci\u00f3 de les persones f\u00edsiques pel que fa al tractament de dades personals i a la lliure circulaci\u00f3 d&#8217;aquestes dades t&#8217;informem que, mitjan\u00e7ant l&#8217;emplenament dels presents formularis, les teves dades personals quedaran incorporades i seran tractades en els fitxers de Magdalena Mar\u00eda Sureda Ferragut amb la finalitat de poder-te prestar i oferir els nostres serveis aix\u00ed com per a informar-te de les millores del lloc web. T&#8217;informem tamb\u00e9 que tindr\u00e0s la possibilitat en tot moment d&#8217;exercir els drets d&#8217;acc\u00e9s, rectificaci\u00f3, cancel\u00b7laci\u00f3, oposici\u00f3, limitaci\u00f3 i portabilitat de les seves dades de car\u00e0cter personal, de manera gratu\u00efta mitjan\u00e7ant email a: info@lenidioma.es o en l&#8217;adre\u00e7a: Cam\u00ed de Sa Vall, Pol. 27, Parcel\u00b7la 110, 07500 &#8211; Manacor (Illes Balears).<\/p>\n<\/div><\/div><\/div><\/div><\/div><\/div><\/div><\/section>\n","protected":false},"excerpt":{"rendered":"Av\u00eds LegalEn compliment amb el deure d&#8217;informaci\u00f3 recollit en article 10 de la Llei 34\/2002, d&#8217;11 de juliol, de Serveis de la Societat de la Informaci\u00f3 i del Comer\u00e7 Electr\u00f2nic (LSSICE), el propietari de la web, l&#8217;informa del seg\u00fcent: Denominaci\u00f3 social: Magdalena Mar\u00eda Sureda Ferragut NIF: 18224968K Domicili: Cam\u00ed de Sa Vall, Pol. 27, Parcel\u00b7la...","protected":false},"author":2,"featured_media":0,"parent":0,"menu_order":0,"comment_status":"closed","ping_status":"closed","template":"","meta":{"_acf_changed":false,"footnotes":""},"class_list":["post-1447","page","type-page","status-publish","hentry"],"acf":[],"yoast_head":"<!-- This site is optimized with the Yoast SEO plugin v26.8 - https:\/\/yoast.com\/product\/yoast-seo-wordpress\/ -->\n<title>Av\u00eds Legal - Lenidioma \ud83e\udde1<\/title>\n<meta name=\"robots\" content=\"index, follow, max-snippet:-1, max-image-preview:large, max-video-preview:-1\" \/>\n<link rel=\"canonical\" href=\"https:\/\/lenidioma.es\/ca\/avis-legal\/\" \/>\n<meta property=\"og:locale\" content=\"ca_ES\" \/>\n<meta property=\"og:type\" content=\"article\" \/>\n<meta property=\"og:title\" content=\"Av\u00eds Legal - Lenidioma \ud83e\udde1\" \/>\n<meta property=\"og:url\" content=\"https:\/\/lenidioma.es\/ca\/avis-legal\/\" \/>\n<meta property=\"og:site_name\" content=\"Lenidioma \ud83e\udde1\" \/>\n<meta property=\"article:publisher\" content=\"https:\/\/www.facebook.com\/lenidioma\" \/>\n<meta property=\"article:modified_time\" content=\"2025-06-10T01:20:34+00:00\" \/>\n<meta name=\"twitter:card\" content=\"summary_large_image\" \/>\n<meta name=\"twitter:label1\" content=\"Temps estimat de lectura\" \/>\n\t<meta name=\"twitter:data1\" content=\"2 minuts\" \/>\n<script type=\"application\/ld+json\" class=\"yoast-schema-graph\">{\"@context\":\"https:\/\/schema.org\",\"@graph\":[{\"@type\":\"WebPage\",\"@id\":\"https:\/\/lenidioma.es\/ca\/avis-legal\/\",\"url\":\"https:\/\/lenidioma.es\/ca\/avis-legal\/\",\"name\":\"Av\u00eds Legal - Lenidioma \ud83e\udde1\",\"isPartOf\":{\"@id\":\"https:\/\/lenidioma.es\/ca\/#website\"},\"datePublished\":\"2023-09-17T08:33:47+00:00\",\"dateModified\":\"2025-06-10T01:20:34+00:00\",\"breadcrumb\":{\"@id\":\"https:\/\/lenidioma.es\/ca\/avis-legal\/#breadcrumb\"},\"inLanguage\":\"ca\",\"potentialAction\":[{\"@type\":\"ReadAction\",\"target\":[\"https:\/\/lenidioma.es\/ca\/avis-legal\/\"]}]},{\"@type\":\"BreadcrumbList\",\"@id\":\"https:\/\/lenidioma.es\/ca\/avis-legal\/#breadcrumb\",\"itemListElement\":[{\"@type\":\"ListItem\",\"position\":1,\"name\":\"Home\",\"item\":\"https:\/\/lenidioma.es\/ca\/\"},{\"@type\":\"ListItem\",\"position\":2,\"name\":\"Av\u00eds Legal\"}]},{\"@type\":\"WebSite\",\"@id\":\"https:\/\/lenidioma.es\/ca\/#website\",\"url\":\"https:\/\/lenidioma.es\/ca\/\",\"name\":\"Lenidioma \ud83e\udde1\",\"description\":\"Language is our nature\",\"potentialAction\":[{\"@type\":\"SearchAction\",\"target\":{\"@type\":\"EntryPoint\",\"urlTemplate\":\"https:\/\/lenidioma.es\/ca\/?s={search_term_string}\"},\"query-input\":{\"@type\":\"PropertyValueSpecification\",\"valueRequired\":true,\"valueName\":\"search_term_string\"}}],\"inLanguage\":\"ca\"}]}<\/script>\n<!-- \/ Yoast SEO plugin. -->","yoast_head_json":{"title":"Av\u00eds Legal - Lenidioma \ud83e\udde1","robots":{"index":"index","follow":"follow","max-snippet":"max-snippet:-1","max-image-preview":"max-image-preview:large","max-video-preview":"max-video-preview:-1"},"canonical":"https:\/\/lenidioma.es\/ca\/avis-legal\/","og_locale":"ca_ES","og_type":"article","og_title":"Av\u00eds Legal - Lenidioma \ud83e\udde1","og_url":"https:\/\/lenidioma.es\/ca\/avis-legal\/","og_site_name":"Lenidioma \ud83e\udde1","article_publisher":"https:\/\/www.facebook.com\/lenidioma","article_modified_time":"2025-06-10T01:20:34+00:00","twitter_card":"summary_large_image","twitter_misc":{"Temps estimat de lectura":"2 minuts"},"schema":{"@context":"https:\/\/schema.org","@graph":[{"@type":"WebPage","@id":"https:\/\/lenidioma.es\/ca\/avis-legal\/","url":"https:\/\/lenidioma.es\/ca\/avis-legal\/","name":"Av\u00eds Legal - Lenidioma \ud83e\udde1","isPartOf":{"@id":"https:\/\/lenidioma.es\/ca\/#website"},"datePublished":"2023-09-17T08:33:47+00:00","dateModified":"2025-06-10T01:20:34+00:00","breadcrumb":{"@id":"https:\/\/lenidioma.es\/ca\/avis-legal\/#breadcrumb"},"inLanguage":"ca","potentialAction":[{"@type":"ReadAction","target":["https:\/\/lenidioma.es\/ca\/avis-legal\/"]}]},{"@type":"BreadcrumbList","@id":"https:\/\/lenidioma.es\/ca\/avis-legal\/#breadcrumb","itemListElement":[{"@type":"ListItem","position":1,"name":"Home","item":"https:\/\/lenidioma.es\/ca\/"},{"@type":"ListItem","position":2,"name":"Av\u00eds Legal"}]},{"@type":"WebSite","@id":"https:\/\/lenidioma.es\/ca\/#website","url":"https:\/\/lenidioma.es\/ca\/","name":"Lenidioma \ud83e\udde1","description":"Language is our nature","potentialAction":[{"@type":"SearchAction","target":{"@type":"EntryPoint","urlTemplate":"https:\/\/lenidioma.es\/ca\/?s={search_term_string}"},"query-input":{"@type":"PropertyValueSpecification","valueRequired":true,"valueName":"search_term_string"}}],"inLanguage":"ca"}]}},"_links":{"self":[{"href":"https:\/\/lenidioma.es\/ca\/wp-json\/wp\/v2\/pages\/1447","targetHints":{"allow":["GET"]}}],"collection":[{"href":"https:\/\/lenidioma.es\/ca\/wp-json\/wp\/v2\/pages"}],"about":[{"href":"https:\/\/lenidioma.es\/ca\/wp-json\/wp\/v2\/types\/page"}],"author":[{"embeddable":true,"href":"https:\/\/lenidioma.es\/ca\/wp-json\/wp\/v2\/users\/2"}],"replies":[{"embeddable":true,"href":"https:\/\/lenidioma.es\/ca\/wp-json\/wp\/v2\/comments?post=1447"}],"version-history":[{"count":2,"href":"https:\/\/lenidioma.es\/ca\/wp-json\/wp\/v2\/pages\/1447\/revisions"}],"predecessor-version":[{"id":1449,"href":"https:\/\/lenidioma.es\/ca\/wp-json\/wp\/v2\/pages\/1447\/revisions\/1449"}],"wp:attachment":[{"href":"https:\/\/lenidioma.es\/ca\/wp-json\/wp\/v2\/media?parent=1447"}],"curies":[{"name":"wp","href":"https:\/\/api.w.org\/{rel}","templated":true}]}}