{"id":1099,"date":"2023-06-18T07:26:00","date_gmt":"2023-06-18T05:26:00","guid":{"rendered":"https:\/\/lenidioma.es\/politica-de-cookies-privacitat-i-avis-legal\/"},"modified":"2023-09-17T13:29:23","modified_gmt":"2023-09-17T11:29:23","slug":"politica-de-privacitat","status":"publish","type":"page","link":"https:\/\/lenidioma.es\/ca\/politica-de-privacitat\/","title":{"rendered":"Pol\u00edtica De Privacitat"},"content":{"rendered":"<section class=\"l-section wpb_row height_medium\"><div class=\"l-section-h i-cf\"><div class=\"g-cols vc_row via_flex valign_top type_default stacking_default\"><div class=\"vc_col-sm-12 wpb_column vc_column_container\"><div class=\"vc_column-inner\"><div class=\"wpb_wrapper\"><h1 class=\"w-post-elm post_title entry-title color_link_inherit\">Pol\u00edtica De Privacitat<\/h1><\/div><\/div><\/div><\/div><\/div><\/section><section class=\"l-section wpb_row height_small\"><div class=\"l-section-h i-cf\"><div class=\"g-cols vc_row via_flex valign_top type_default stacking_default\"><div class=\"vc_col-sm-12 wpb_column vc_column_container\"><div class=\"vc_column-inner\"><div class=\"wpb_wrapper\"><div class=\"wpb_text_column\"><div class=\"wpb_wrapper\"><p><strong>PROTECCI\u00d3 DE DADES DE CAR\u00c0CTER PERSONAL SEGONS EL RGPD<\/strong><\/p>\n<p>Magdalena Mar\u00eda Sureda Ferragut, en aplicaci\u00f3 de la normativa vigent en mat\u00e8ria de protecci\u00f3 de dades de car\u00e0cter personal, informa que les dades personals que es recullen a trav\u00e9s dels formularis del Lloc web: https:\/\/lenidioma.es\/, s&#8217;inclouen en els fitxers automatitzats espec\u00edfics d&#8217;usuaris dels serveis de Magdalena Mar\u00eda Sureda Ferragut.<\/p>\n<p>La recollida i tractament automatitzat de les dades de car\u00e0cter personal t\u00e9 com a finalitat el manteniment de la relaci\u00f3 comercial i l&#8217;acompliment de tasques d&#8217;informaci\u00f3, formaci\u00f3, assessorament i altres activitats pr\u00f2pies de Magdalena Mar\u00eda Sureda Ferragut.<\/p>\n<p>Aquestes dades \u00fanicament seran cedits a aquelles entitats que siguin necess\u00e0ries amb l&#8217;\u00fanic objectiu de donar compliment a la finalitat anteriorment exposada. Magdalena Mar\u00eda Sureda Ferragut adopta les mesures necess\u00e0ries per a garantir la seguretat, integritat i confidencialitat de les dades conforme al que es disposa en el Reglament (UE) 2016\/679 del Parlament Europeu i del Consell, de 27 d&#8217;abril de 2016, relatiu a la protecci\u00f3 de les persones f\u00edsiques pel que fa al tractament de dades personals i a la lliure circulaci\u00f3 d&#8217;aquests, i derogant l&#8217;antiga LOPD, la nova Llei org\u00e0nica 3\/2018, de 5 desembre, de Protecci\u00f3 de Dades i Garantia dels Drets Digitals (LOPDGDD).<\/p>\n<p>L&#8217;usuari podr\u00e0 en qualsevol moment exercitar els drets d&#8217;acc\u00e9s, oposici\u00f3, rectificaci\u00f3, cancel\u00b7laci\u00f3, limitaci\u00f3 i portabilitat reconeguts en el citat Reglament (UE). L&#8217;exercici d&#8217;aquests drets pot realitzar-lo el propi usuari a trav\u00e9s de l\u2019adre\u00e7a de correu electr\u00f2nic: info@lenidioma.es o en l&#8217;adre\u00e7a: Cam\u00ed de Sa Vall, Pol. 27, Parcel\u00b7la 110, C.P. 07500 &#8211; Manacor (Illes Balears).<\/p>\n<p>L&#8217;usuari manifesta que totes les dades facilitades per ell s\u00f3n certs i correctes, i es compromet a mantenir-los actualitzats, comunicant els canvis a Magdalena Mar\u00eda Sureda Ferragut. Finalitat del tractament de les dades personals:<\/p>\n<p><strong>Amb quina finalitat tractarem les teves dades personals?<\/strong><\/p>\n<p>En Magdalena Mar\u00eda Sureda Ferragut, tractarem les teves dades personals recaptades a trav\u00e9s del Lloc web: https:\/\/lenidioma.es\/, amb les seg\u00fcents finalitats:<\/p>\n<ol>\n<li>Donar compliment de les obligacions, comercials, laborals, corporatives i comptables de l&#8217;empresa.<\/li>\n<li>Enviament d&#8217;informaci\u00f3 comercial i butlletins sobre nous serveis oferts en la web i del sector.<\/li>\n<li>Enviar informaci\u00f3 promocional via electr\u00f2nica.<\/li>\n<li>Facilitar la informaci\u00f3 sol\u00b7licitada per l&#8217;usuari a trav\u00e9s del formulari de contacte.<\/li>\n<\/ol>\n<p>Et recordem que pots oposar-te a l&#8217;enviament de comunicacions comercials per qualsevol via i en qualsevol moment, remetent un correu electr\u00f2nic a l&#8217;adre\u00e7a anteriorment indicada. Els camps d&#8217;aquests registres s\u00f3n d&#8217;emplenament obligatori, sent impossible realitzar les finalitats expressades si no s&#8217;aporten aquestes dades.<\/p>\n<p><strong>Per quant temps es conserven les dades personals recaptades?<\/strong><\/p>\n<p>Les dades personals proporcionades es conservaran mentre es mantingui la relaci\u00f3 comercial o no sol\u00b7licitis la seva supressi\u00f3 i durant el termini pel qual poguessin derivar-se responsabilitats legals pels serveis prestats.<\/p>\n<p><strong>Legitimaci\u00f3<\/strong>:<\/p>\n<p>El tractament de les teves dades es realitza amb les seg\u00fcents bases jur\u00eddiques que legitimen el mateix:<\/p>\n<ol>\n<li>La sol\u00b7licitud d&#8217;informaci\u00f3 i\/o la contractaci\u00f3 dels serveis de Magdalena Mar\u00eda Sureda Ferragut, els termes i les condicions dels quals es posaran a la teva disposici\u00f3 en tot cas, de manera pr\u00e8via a una eventual contractaci\u00f3.<\/li>\n<li>El consentiment lliure, espec\u00edfic, informat i inequ\u00edvoc, en tant que t&#8217;informem posant a la teva disposici\u00f3 la present pol\u00edtica de privacitat, que, despr\u00e9s de la lectura d&#8217;aquesta, en cas d&#8217;estar conforme, pots acceptar mitjan\u00e7ant una declaraci\u00f3 o una clara acci\u00f3 afirmativa, com el marcat d&#8217;una casella disposada a aquest efecte.<\/li>\n<\/ol>\n<p>En cas que no ens facilitis les teves dades o ho facis de manera err\u00f2nia o incompleta, no podrem atendre la teva sol\u00b7licitud, resultant del tot impossible proporcionar-te la informaci\u00f3 sol\u00b7licitada o dur a terme la contractaci\u00f3 dels serveis.<\/p>\n<p><strong>Destinataris<\/strong>:<\/p>\n<p>Les dades no es comunicaran a cap tercer ali\u00e8 a Magdalena Mar\u00eda Sureda Ferragut, excepte obligaci\u00f3 legal.<\/p>\n<p><strong>Dades recopilades per usuaris dels serveis<\/strong><\/p>\n<p>En els casos en qu\u00e8 l&#8217;usuari inclogui fitxers amb dades de car\u00e0cter personal en els servidors d&#8217;allotjament compartit, Magdalena Mar\u00eda Sureda Ferragut no es fa responsable de l&#8217;incompliment per part de l&#8217;usuari del RGPD.<\/p>\n<p><strong>Drets propietat intel\u00b7lectual https:\/\/lenidioma.es\/<\/strong><\/p>\n<p>Magdalena Mar\u00eda Sureda Ferragut \u00e9s titular de tots els drets d&#8217;autor, propietat intel\u00b7lectual, industrial, know-how i quants altres drets guarden relaci\u00f3 amb els continguts del lloc web https:\/\/lenidioma.es\/ i els serveis oferts en aquest, aix\u00ed com dels programes necessaris per a la seva implementaci\u00f3 i la informaci\u00f3 relacionada. No es permet la reproducci\u00f3, publicaci\u00f3 i\/o \u00fas no estrictament privat dels continguts, totals o parcials, del lloc web https:\/\/lenidioma.es\/ sense el consentiment previ i per escrit.<\/p>\n<p><strong>Propietat intel\u00b7lectual del programari<\/strong><\/p>\n<p>L&#8217;usuari ha de respectar els programes de tercers llocs a la seva disposici\u00f3 per Magdalena Mar\u00eda Sureda Ferragut, fins i tot sent gratu\u00efts i\/o de disposici\u00f3 p\u00fablica.<\/p>\n<p>Magdalena Mar\u00eda Sureda Ferragut disposa dels drets d&#8217;explotaci\u00f3 i propietat intel\u00b7lectual necessaris del programari.<\/p>\n<p>L&#8217;usuari no adquireix cap dret o llic\u00e8ncia pel servei contractat, sobre el programari necessari per a la prestaci\u00f3 del servei, ni tampoc sobre la informaci\u00f3 t\u00e8cnica de seguiment del servei, excepci\u00f3 feta dels drets i llic\u00e8ncies necessaris per al compliment dels serveis contractats i \u00fanicament durant la durada d&#8217;aquests.<\/p>\n<p>Per a tota actuaci\u00f3 que excedeixi del compliment del contracte, l&#8217;usuari necessitar\u00e0 autoritzaci\u00f3 per escrit per part de Magdalena Mar\u00eda Sureda Ferragut, quedant prohibit a l&#8217;usuari accedir, modificar, visualitzar la configuraci\u00f3, estructura i fitxers dels servidors propietat de Magdalena Mar\u00eda Sureda Ferragut, assumint la responsabilitat civil i penal derivada de qualsevol incid\u00e8ncia que es pogu\u00e9s produir en els servidors i sistemes de seguretat com a conseq\u00fc\u00e8ncia directa d&#8217;una actuaci\u00f3 negligent o maliciosa per part seva.<\/p>\n<p><strong>Propietat intel\u00b7lectual dels continguts allotjats<\/strong><\/p>\n<p>Es prohibeix l&#8217;\u00fas contrari a la legislaci\u00f3 sobre propietat intel\u00b7lectual dels serveis prestats per Magdalena Mar\u00eda Sureda Ferragut i, en particular de:<\/p>\n<ol>\n<li>La utilitzaci\u00f3 que resulti contr\u00e0ria a les lleis espanyoles o que infringeixi els drets de tercers.<\/li>\n<li>La publicaci\u00f3 o la transmissi\u00f3 de qualsevol contingut que, segons el parer de Magdalena Mar\u00eda Sureda Ferragut, resulti violent, obsc\u00e8, abusiu, il\u00b7legal, racial, xen\u00f2fob o difamatori.<\/li>\n<li>Els cracks, n\u00fameros de s\u00e8rie de programes o qualsevol altre contingut que vulneri drets de la propietat intel\u00b7lectual de tercers.<\/li>\n<li>La recollida i\/o utilitzaci\u00f3 de dades personals d&#8217;altres usuaris sense el seu consentiment expr\u00e9s o contravenint el que es disposa en el Reglament (UE) 2016\/679 del Parlament Europeu i del Consell, de 27 d&#8217;abril de 2016, relatiu a la protecci\u00f3 de les persones f\u00edsiques pel que fa al tractament de dades personals i a la lliure circulaci\u00f3 d&#8217;aquests.<\/li>\n<li>La utilitzaci\u00f3 del servidor de correu del domini i de les adreces de correu electr\u00f2nic per a l&#8217;enviament de correu massiu no desitjat.<\/li>\n<\/ol>\n<p>L&#8217;usuari t\u00e9 tota la responsabilitat sobre el contingut del seu web, la informaci\u00f3 transmesa i emmagatzemada, els enlla\u00e7os d&#8217;hipertext, les reivindicacions de tercers i les accions legals en refer\u00e8ncia a propietat intel\u00b7lectual, drets de tercers i protecci\u00f3 de menors.<\/p>\n<p>L&#8217;usuari \u00e9s responsable respecte a les lleis i reglaments en vigor i les regles que tenen a veure amb el funcionament del servei en l\u00ednia, comer\u00e7 electr\u00f2nic, drets d&#8217;autor, manteniment de l&#8217;ordre p\u00fablic, aix\u00ed com principis universals d&#8217;\u00fas d&#8217;Internet.<\/p>\n<p>L&#8217;usuari indemnitzar\u00e0 a Magdalena Mar\u00eda Sureda Ferragut per les despeses que generar\u00e0 la imputaci\u00f3 de Magdalena Mar\u00eda Sureda Ferragut en alguna causa la responsabilitat de la qual fos atribu\u00efble a l&#8217;usuari, inclosos honoraris i despeses de defensa jur\u00eddica, fins i tot en el cas d&#8217;una decisi\u00f3 judicial no definitiva.<\/p>\n<p><strong>Protecci\u00f3 de la informaci\u00f3 allotjada<\/strong><\/p>\n<p>Magdalena Mar\u00eda Sureda Ferragut realitza c\u00f2pies de seguretat dels continguts allotjats en els seus servidors, no obstant aix\u00f2, no es responsabilitza de la p\u00e8rdua o l&#8217;esborrat accidental de les dades per part dels usuaris. D&#8217;igual manera, no garanteix la reposici\u00f3 total de les dades esborrades pels usuaris, ja que les citades dades podrien haver estat suprimits i\/o modificats durant el per\u00edode del temps transcorregut des de l&#8217;\u00faltima c\u00f2pia de seguretat.<\/p>\n<p>Els serveis oferts, excepte els serveis espec\u00edfics de c\u00f2pia de seguretat, no inclouen la reposici\u00f3 dels continguts conservats en les c\u00f2pies de seguretat realitzades per Magdalena Mar\u00eda Sureda Ferragut, quan aquesta p\u00e8rdua sigui imputable a l&#8217;usuari; en aquest cas, es determinar\u00e0 una tarifa concorde a la complexitat i volum de la recuperaci\u00f3, sempre pr\u00e8via acceptaci\u00f3 de l&#8217;usuari.<\/p>\n<p>La reposici\u00f3 de dades esborrades nom\u00e9s est\u00e0 inclosa en el preu del servei quan la p\u00e8rdua del contingut sigui deguda a causes atribu\u00efbles a Magdalena Mar\u00eda Sureda Ferragut.<\/p>\n<p><strong>Comunicacions comercials<\/strong><\/p>\n<p>En aplicaci\u00f3 de la LSSI. Magdalena Mar\u00eda Sureda Ferragut no enviar\u00e0 comunicacions publicit\u00e0ries o promocionals per correu electr\u00f2nic o un altre mitj\u00e0 de comunicaci\u00f3 electr\u00f2nica equivalent que pr\u00e8viament no haguessin estat sol\u00b7licitades o expressament autoritzades pels destinataris d&#8217;aquestes.<br \/>\nEn el cas d&#8217;usuaris amb els quals existeixi una relaci\u00f3 contractual pr\u00e8via, Magdalena Mar\u00eda Sureda Ferragut s\u00ed que est\u00e0 autoritzat a l&#8217;enviament de comunicacions comercials referents a productes o serveis de Magdalena Mar\u00eda Sureda Ferragut que siguin similars als que inicialment van ser objecte de contractaci\u00f3 amb el client.<br \/>\nEn tot cas, l&#8217;usuari, despr\u00e9s d&#8217;acreditar la seva identitat, podr\u00e0 sol\u00b7licitar que no se li faci arribar m\u00e9s informaci\u00f3 comercial a trav\u00e9s dels canals d&#8217;Atenci\u00f3 al Client.<\/p>\n<\/div><\/div><\/div><\/div><\/div><\/div><\/div><\/section>\n","protected":false},"excerpt":{"rendered":"Pol\u00edtica De PrivacitatPROTECCI\u00d3 DE DADES DE CAR\u00c0CTER PERSONAL SEGONS EL RGPD Magdalena Mar\u00eda Sureda Ferragut, en aplicaci\u00f3 de la normativa vigent en mat\u00e8ria de protecci\u00f3 de dades de car\u00e0cter personal, informa que les dades personals que es recullen a trav\u00e9s dels formularis del Lloc web: https:\/\/lenidioma.es\/, s&#8217;inclouen en els fitxers automatitzats espec\u00edfics d&#8217;usuaris dels serveis...","protected":false},"author":2,"featured_media":0,"parent":0,"menu_order":0,"comment_status":"closed","ping_status":"closed","template":"","meta":{"_acf_changed":false,"footnotes":""},"class_list":["post-1099","page","type-page","status-publish","hentry"],"acf":[],"yoast_head":"<!-- This site is optimized with the Yoast SEO plugin v26.8 - https:\/\/yoast.com\/product\/yoast-seo-wordpress\/ -->\n<title>Pol\u00edtica De Privacitat - Lenidioma \ud83e\udde1<\/title>\n<meta name=\"robots\" content=\"index, follow, max-snippet:-1, max-image-preview:large, max-video-preview:-1\" \/>\n<link rel=\"canonical\" href=\"https:\/\/lenidioma.es\/ca\/politica-de-privacitat\/\" \/>\n<meta property=\"og:locale\" content=\"ca_ES\" \/>\n<meta property=\"og:type\" content=\"article\" \/>\n<meta property=\"og:title\" content=\"Pol\u00edtica De Privacitat - Lenidioma \ud83e\udde1\" \/>\n<meta property=\"og:url\" content=\"https:\/\/lenidioma.es\/ca\/politica-de-privacitat\/\" \/>\n<meta property=\"og:site_name\" content=\"Lenidioma \ud83e\udde1\" \/>\n<meta property=\"article:publisher\" content=\"https:\/\/www.facebook.com\/lenidioma\" \/>\n<meta property=\"article:modified_time\" content=\"2023-09-17T11:29:23+00:00\" \/>\n<meta name=\"twitter:card\" content=\"summary_large_image\" \/>\n<meta name=\"twitter:label1\" content=\"Temps estimat de lectura\" \/>\n\t<meta name=\"twitter:data1\" content=\"12 minuts\" \/>\n<script type=\"application\/ld+json\" class=\"yoast-schema-graph\">{\"@context\":\"https:\/\/schema.org\",\"@graph\":[{\"@type\":\"WebPage\",\"@id\":\"https:\/\/lenidioma.es\/ca\/politica-de-privacitat\/\",\"url\":\"https:\/\/lenidioma.es\/ca\/politica-de-privacitat\/\",\"name\":\"Pol\u00edtica De Privacitat - Lenidioma \ud83e\udde1\",\"isPartOf\":{\"@id\":\"https:\/\/lenidioma.es\/ca\/#website\"},\"datePublished\":\"2023-06-18T05:26:00+00:00\",\"dateModified\":\"2023-09-17T11:29:23+00:00\",\"breadcrumb\":{\"@id\":\"https:\/\/lenidioma.es\/ca\/politica-de-privacitat\/#breadcrumb\"},\"inLanguage\":\"ca\",\"potentialAction\":[{\"@type\":\"ReadAction\",\"target\":[\"https:\/\/lenidioma.es\/ca\/politica-de-privacitat\/\"]}]},{\"@type\":\"BreadcrumbList\",\"@id\":\"https:\/\/lenidioma.es\/ca\/politica-de-privacitat\/#breadcrumb\",\"itemListElement\":[{\"@type\":\"ListItem\",\"position\":1,\"name\":\"Home\",\"item\":\"https:\/\/lenidioma.es\/ca\/\"},{\"@type\":\"ListItem\",\"position\":2,\"name\":\"Pol\u00edtica De Privacitat\"}]},{\"@type\":\"WebSite\",\"@id\":\"https:\/\/lenidioma.es\/ca\/#website\",\"url\":\"https:\/\/lenidioma.es\/ca\/\",\"name\":\"Lenidioma \ud83e\udde1\",\"description\":\"Language is our nature\",\"potentialAction\":[{\"@type\":\"SearchAction\",\"target\":{\"@type\":\"EntryPoint\",\"urlTemplate\":\"https:\/\/lenidioma.es\/ca\/?s={search_term_string}\"},\"query-input\":{\"@type\":\"PropertyValueSpecification\",\"valueRequired\":true,\"valueName\":\"search_term_string\"}}],\"inLanguage\":\"ca\"}]}<\/script>\n<!-- \/ Yoast SEO plugin. -->","yoast_head_json":{"title":"Pol\u00edtica De Privacitat - Lenidioma \ud83e\udde1","robots":{"index":"index","follow":"follow","max-snippet":"max-snippet:-1","max-image-preview":"max-image-preview:large","max-video-preview":"max-video-preview:-1"},"canonical":"https:\/\/lenidioma.es\/ca\/politica-de-privacitat\/","og_locale":"ca_ES","og_type":"article","og_title":"Pol\u00edtica De Privacitat - Lenidioma \ud83e\udde1","og_url":"https:\/\/lenidioma.es\/ca\/politica-de-privacitat\/","og_site_name":"Lenidioma \ud83e\udde1","article_publisher":"https:\/\/www.facebook.com\/lenidioma","article_modified_time":"2023-09-17T11:29:23+00:00","twitter_card":"summary_large_image","twitter_misc":{"Temps estimat de lectura":"12 minuts"},"schema":{"@context":"https:\/\/schema.org","@graph":[{"@type":"WebPage","@id":"https:\/\/lenidioma.es\/ca\/politica-de-privacitat\/","url":"https:\/\/lenidioma.es\/ca\/politica-de-privacitat\/","name":"Pol\u00edtica De Privacitat - Lenidioma \ud83e\udde1","isPartOf":{"@id":"https:\/\/lenidioma.es\/ca\/#website"},"datePublished":"2023-06-18T05:26:00+00:00","dateModified":"2023-09-17T11:29:23+00:00","breadcrumb":{"@id":"https:\/\/lenidioma.es\/ca\/politica-de-privacitat\/#breadcrumb"},"inLanguage":"ca","potentialAction":[{"@type":"ReadAction","target":["https:\/\/lenidioma.es\/ca\/politica-de-privacitat\/"]}]},{"@type":"BreadcrumbList","@id":"https:\/\/lenidioma.es\/ca\/politica-de-privacitat\/#breadcrumb","itemListElement":[{"@type":"ListItem","position":1,"name":"Home","item":"https:\/\/lenidioma.es\/ca\/"},{"@type":"ListItem","position":2,"name":"Pol\u00edtica De Privacitat"}]},{"@type":"WebSite","@id":"https:\/\/lenidioma.es\/ca\/#website","url":"https:\/\/lenidioma.es\/ca\/","name":"Lenidioma \ud83e\udde1","description":"Language is our nature","potentialAction":[{"@type":"SearchAction","target":{"@type":"EntryPoint","urlTemplate":"https:\/\/lenidioma.es\/ca\/?s={search_term_string}"},"query-input":{"@type":"PropertyValueSpecification","valueRequired":true,"valueName":"search_term_string"}}],"inLanguage":"ca"}]}},"_links":{"self":[{"href":"https:\/\/lenidioma.es\/ca\/wp-json\/wp\/v2\/pages\/1099","targetHints":{"allow":["GET"]}}],"collection":[{"href":"https:\/\/lenidioma.es\/ca\/wp-json\/wp\/v2\/pages"}],"about":[{"href":"https:\/\/lenidioma.es\/ca\/wp-json\/wp\/v2\/types\/page"}],"author":[{"embeddable":true,"href":"https:\/\/lenidioma.es\/ca\/wp-json\/wp\/v2\/users\/2"}],"replies":[{"embeddable":true,"href":"https:\/\/lenidioma.es\/ca\/wp-json\/wp\/v2\/comments?post=1099"}],"version-history":[{"count":5,"href":"https:\/\/lenidioma.es\/ca\/wp-json\/wp\/v2\/pages\/1099\/revisions"}],"predecessor-version":[{"id":1461,"href":"https:\/\/lenidioma.es\/ca\/wp-json\/wp\/v2\/pages\/1099\/revisions\/1461"}],"wp:attachment":[{"href":"https:\/\/lenidioma.es\/ca\/wp-json\/wp\/v2\/media?parent=1099"}],"curies":[{"name":"wp","href":"https:\/\/api.w.org\/{rel}","templated":true}]}}